{"id":80,"date":"2026-02-25T10:31:51","date_gmt":"2026-02-25T13:31:51","guid":{"rendered":"https:\/\/anapolisgoleg.nucleo.site\/memorial-da-camara\/?page_id=80"},"modified":"2026-02-25T10:31:51","modified_gmt":"2026-02-25T13:31:51","slug":"historia-da-camara","status":"publish","type":"page","link":"https:\/\/anapolis.go.leg.br\/memorial-da-camara\/historia-da-camara\/","title":{"rendered":"Hist\u00f3ria da C\u00e2mara"},"content":{"rendered":"\n<p>Instalada a Vila de Santana da Antas, a 10 de mar\u00e7o de 1892 (Lei 811, de 15 de dezembro de 1877), naquele mesmo ano sucederam-se as elei\u00e7\u00f5es para a intend\u00eancia (que equivalia ao Poder Executivo Municipal da atualidade), e para o Conselho Municipal (hoje C\u00e2mara de Vereadores).<\/p>\n\n\n\n<p>O n\u00famero de eleitores na Vila, \u00e0 \u00e9poca, era de 370 e houve uma absten\u00e7\u00e3o de 177. Foi eleito Lopo de Souza Ramos para intendente e para conselheiros municipais, elegeram-se Vicente Gon\u00e7alves de Almeida, Floro Santana Ramos, Ant\u00f4nio Crispim de Souza.<\/p>\n\n\n\n<p>O primeiro presidente do Conselho Municipal de An\u00e1polis, ap\u00f3s a eleva\u00e7\u00e3o \u00e0 categoria de cidade (1907), foi Manuel Teodoro Batista, tendo como demais membros Amaro Pires Batista, Odorico da Silva Le\u00e3o, Rubem Ribeiro Camelo, Francisco de Carvalho Fontes e Floro Santana Ramos. At\u00e9 o final do ano de 1930, o Poder Legislativo conservou a denomina\u00e7\u00e3o de Conselho Municipal. Ap\u00f3s a Revolu\u00e7\u00e3o de 3 de outubro de 1930 e como \u00f3rg\u00e3o desta, passou ser Conselho Consultivo. Os conselheiros eram ent\u00e3o nomeados pelo Governo da Uni\u00e3o \u201cde acordo com o Decreto Federal n\u00b0 20.348 de 29 de agosto de 1931, que instituiu os Conselhos Consultivos no Distrito Federal, Estados e Munic\u00edpios\u201d.<\/p>\n\n\n\n<p>Os primeiros representantes desse Conselho em An\u00e1polis foram: Alberico Borges de Carvalho, Gomes Sant\u2019anna Ramos, J\u00falio Guerra e Jos\u00e9 Gomes de Paula. Jos\u00e9 Louren\u00e7o Dias (mais tarde senador) tomaria posse, tamb\u00e9m como membro do Conselho Consultivo, em 1\u00b0 de fevereiro de 1932, vindo depois, em 14 de mar\u00e7o de 1933, Luiz Caiado de Godoy e o major Ant\u00f4nio Xavier Nunes. Adahyl Louren\u00e7o Dias tomou posse em 20 de abril de 1933 para compor o mesmo Conselho Consultivo, mediante o Decreto 3.200 de 8 de abril daquele mesmo ano.<\/p>\n\n\n\n<p>O Poder Legislativo de An\u00e1polis, na condi\u00e7\u00e3o de \u00f3rg\u00e3o especifico do Munic\u00edpio para fiscalizar o Poder Executivo e com atividade legisladora, tem os seus fundamentos a partir de 8 de dezembro de 1947. Naquela data foi solenemente instalado tendo na presid\u00eancia o jurista Adahyl Louren\u00e7o Dias que ocupava antes, como se viu, o Conselho Consultivo. Anteriormente, o legislativo anapolino vigorou com a mesma denomina\u00e7\u00e3o de C\u00e2mara Municipal, na d\u00e9cada de 30, sendo, em 1934, presidida por Elizeu Jorge Campos.<\/p>\n\n\n\n<p>Ao instalar-se em 1947, a C\u00e2mara Municipal se reuniu para tanto, no CRA \u2013 Clube Recreativo Anapolino, na Pra\u00e7a do Bom Jesus e o fez com o quantitativo de 15 cadeiras, sendo que na sess\u00e3o de instala\u00e7\u00e3o, haviam tomado posse apenas nove vereadores. Eram eles: Adahyl Louren\u00e7o Dias, Bonfim d\u2019Abadia, Jos\u00e9 Elias Isaac, Wady Ant\u00f4nio Isaac, Ant\u00f4nio Xavier Nunes Filho, Eliseu Jorge Campos, Jos\u00e9 Peixoto Neto, Celso de Souza Ramose Francisca Miguel. \u00c0 sess\u00e3o de instala\u00e7\u00e3o solene compareceu o prefeito eleito ent\u00e3o, Carlos de Pina, ocasi\u00e3o em que lhe foi dada posse. Na sess\u00e3o subseq\u00fcente, realizada a 9 de dezembro de 1947, tomaram posse os vereadores eleitos pela UDN: Zacheu Crispim, Jo\u00e3o Luiz de Oliveira, Jorge Ant\u00f4nio Sahium, Alfeu Medeiros, Alceu Torres, Jo\u00e3o de Faria, Francisco Joaquim de Lima e Arlindo Ubaldino, sendo que o m\u00e9dico Bonfim d\u2019Abadia ocupou p\u00f3 algum tempo a Presid\u00eancia em substitui\u00e7\u00e3o a Adahyl Louren\u00e7o Dias, enquanto este exerceu o cargo de prefeito (por nomea\u00e7\u00e3o) no per\u00edodo de mar\u00e7o a outubro de 1947.<\/p>\n\n\n\n<h2 class=\"wp-block-heading\"><strong>PODER LEGISLATIVO<\/strong><\/h2>\n\n\n\n<p>A partir de 1\u00b0 de janeiro de 2005 a C\u00e2mara Municipal de An\u00e1polis reduz o n\u00famero de suas cadeiras, por decis\u00e3o do Tribunal Superior Eleitoral. Ao instalar-se, quase ao final da d\u00e9cada de 40, a C\u00e2mara Municipal de An\u00e1polis era composta, na sua representatividade, de 15 membros. Durante algum tempo, houve altera\u00e7\u00e3o desse n\u00famero, mas a partir do ano de 1966, o Legislativo anapolino voltou a se constituir de 15 cadeiras. J\u00e1 na legislatura de 1982, este n\u00famero de representantes passou a ser de 17 membros. Quando se promulgou a atual Constitui\u00e7\u00e3o Municipal de An\u00e1polis, exatamente no dia 5 de abril de 1990, o n\u00famero de vereadores era de 17.<\/p>\n\n\n\n<p>Os vereadores constituintes foram: Geraldo Henrique Ferreira Esp\u00edndola, Valter Gon\u00e7alves de Carvalho, Jo\u00e3o Batista Canedo, Orlando C\u00e2ndido de Oliveira, Jos\u00e9 Escobar Cavalcante, Valmir Bastos Ribeiro, Clodoveu Reis Pereira, Dario Alvino Sardinha Lisboa, Fern\u00e3o Ivan Jos\u00e9 Rodrigues, Guido Mohn, Jandir Pereira Jardim, Jos\u00e9 Borges, Jos\u00e9 Sidney Filho, Marlene Barbaresco, Martiniano Evangelista e Vespasiano Batista Neto. Pouco mais de um m\u00eas depois, 16 de maio de 1990, a Justi\u00e7a ampliou o n\u00famero dessas cadeiras, elevando-as de 17 para 21. Para tanto foram diplomados e tomaram posse: Gabriel Rebelo Jr., Jos\u00e9 Rodrigues de Lima Neto, Erivaldo Mariano dos Santos e Jadder Maur\u00edcio Aires Barbosa. Na mesma \u00e9poca, houve uma tentativa do promotor de justi\u00e7a Bianor Ferreira de Lima \u2013 que foi vereador em Goi\u00e2nia e deputado estadual em Goi\u00e1s \u2013 de reduzir novamente esse n\u00famero, mas desta feita propondo que An\u00e1polis diminu\u00edsse de 21 para 13 (e n\u00e3o 15 como era anteriormente), o quantitativo de seus vereadores. Contudo, ele n\u00e3o obteve \u00eaxito.<\/p>\n\n\n\n<h2 class=\"wp-block-heading\"><strong>ATUAL LEGISLATURA<\/strong><\/h2>\n\n\n\n<p>O Poder Legislativo anapolino \u00e9 constitu\u00eddo pela C\u00e2mara Municipal, que atualmente \u00e9 composta por 23 vereadores. Eles foram eleitos para um mandato de quatro anos e realizar\u00e3o sess\u00f5es para a vota\u00e7\u00e3o de mat\u00e9rias legislativas, como projetos de lei, projetos de decreto legislativo, projetos de resolu\u00e7\u00e3o, bem como outros, no Plen\u00e1rio Teot\u00f4nio Vilela, onde \u201cEssa Casa \u00e9 Sua\u201d.<\/p>\n\n\n\n<p>Um total de 15 agremia\u00e7\u00f5es pol\u00edticas est\u00e3o representadas nesta legislatura, que \u00e9 a 20\u00aa (2025-2028). A popula\u00e7\u00e3o de An\u00e1polis ultrapassa 415 mil habitantes \u2013 a terceira maior de Goi\u00e1s, segundo o \u00faltimo censo no Instituto Brasileiro de Geografia e Estat\u00edstica (IBGE), atualizado em 2024, por isso os vereadores ter\u00e3o muitas mat\u00e9rias para avaliar e trabalhos a fazer.<\/p>\n\n\n\n<p>A Mesa Diretora \u00e9 formada por Andr\u00e9ia Rezende (presidente da C\u00e2mara), Dr. Jos\u00e9 Fernandes (vice-presidente da C\u00e2mara), Jean Carlos (1\u00ba Secret\u00e1rio), Professor Marcos (2\u00ba Secret\u00e1rio), Ananias J\u00fanior (3\u00aa Secret\u00e1ria) e Reamilton do Autismo (4\u00ba Secret\u00e1rio).<\/p>\n\n\n\n<p>Os partidos de maior representatividade s\u00e3o PP, AGIR, Avante, PSD, Republicanos, PL, MDB e PT (todos com duas cadeiras) e PDT, PRD, PRTB, PSB, Cidadania, Podemos e Uni\u00e3o Brasil (cada sigla com um representante).<\/p>\n\n\n\n<p>Os 23 integrantes s\u00e3o:<\/p>\n\n\n\n<p>Alex Martins (PP). Est\u00e1 no 2\u00ba mandato. Tem for\u00e7a nas \u00e1reas da educa\u00e7\u00e3o e do servi\u00e7o p\u00fablico em geral. J\u00e1 foi secret\u00e1rio municipal de educa\u00e7\u00e3o. \u00c9 formado em Ci\u00eancias Sociais e Direito.<\/p>\n\n\n\n<p>Ananias J\u00fanior (Agir). Est\u00e1 no primeiro mandato. Administrador de empresas, \u00e9 especialista em comunica\u00e7\u00e3o visual. Prima pelo desenvolvimento econ\u00f4mico e juventude.<\/p>\n\n\n\n<p>Andr\u00e9ia Rezende (Avante). Est\u00e1 no segundo mandato. Faz hist\u00f3ria por ser a primeira mulher a presidir a C\u00e2mara Municipal. Com mais de 2.000 a\u00e7\u00f5es legislativas aprovadas, destaca-se pela atua\u00e7\u00e3o em \u00e1reas como defesa dos direitos das mulheres.<\/p>\n\n\n\n<p>Carlim da Feira (PSD). Est\u00e1 no primeiro mandato. \u00c9 feirante dedicado e respeitado na cidade, onde reside h\u00e1 mais de 30 anos. A experi\u00eancia no com\u00e9rcio, lidando com o p\u00fablico, lhe proporcionou vis\u00e3o ampla das demandas da popula\u00e7\u00e3o.<\/p>\n\n\n\n<p>Cleide Hil\u00e1rio (Republicanos). Est\u00e1 no 2\u00ba mandato. L\u00edder crist\u00e3, formada em Direito, ganhou destaque pela cria\u00e7\u00e3o da Procuradoria da Mulher, Inf\u00e2ncia, Juventude e Pessoa com Defici\u00eancia.<\/p>\n\n\n\n<p>Divino do Santa Cruz\/Corinthians (PSD). Est\u00e1 no primeiro mandato. Idealizador de projetos sociais, valoriza a inf\u00e2ncia e a juventude com a promo\u00e7\u00e3o de esporte e lazer. Quer tirar o jovem das ruas e das drogas.<\/p>\n\n\n\n<p>Domingos Paula (PDT). Foi presidente da C\u00e2mara Municipal de An\u00e1polis. Valoriza o servidor p\u00fablico e busca servir as comunidades carentes e necessitadas, como bairros perif\u00e9ricos.<\/p>\n\n\n\n<p>Capit\u00e3 Elizete (PRD). Est\u00e1 na primeira verean\u00e7a. Tem experi\u00eancia de sobra na \u00e1rea militar e conhece bem as necessidades da popula\u00e7\u00e3o feminina. Ajudou na cria\u00e7\u00e3o da Patrulha Escolar e da Patrulha Maria da Penha.<\/p>\n\n\n\n<p>Cabo Fred Caixeta (PRTB). Exerce o cargo de vereador pela segunda vez. Prima pela educa\u00e7\u00e3o e cultura. Formado em Administra\u00e7\u00e3o de Empresas e Gest\u00e3o em Seguran\u00e7a P\u00fablica.<\/p>\n\n\n\n<p>Frederico Godoy (Agir). Ganhou a elei\u00e7\u00e3o pela segunda vez. Empres\u00e1rio e especialista como corretor de im\u00f3veis, luta pela economia e pelos valores dos portadores de defici\u00eancia.<\/p>\n\n\n\n<p>Jakson Charles (PSB). Se encontra no quarto mandato. Busca valorizar a comunidade em geral nos seus mais diversos anseios. Desenvolvimento econ\u00f4mico e social \u00e9 seu foco. J\u00e1 foi secret\u00e1rio municipal de Meio Ambiente.<\/p>\n\n\n\n<p>Jean Carlos (PL). Est\u00e1 no quarto mandato. Advogado e experiente na vida p\u00fablica, pois ingressou na administra\u00e7\u00e3o municipal h\u00e1 mais de 30 anos. Tem entrada no Executivo, Legislativo e Judici\u00e1rio.<\/p>\n\n\n\n<p>Jo\u00e3o da Luz (Cidadania). Exerce o quarto mandato. Valoriza as \u00e1reas da educa\u00e7\u00e3o, sa\u00fade e luta pelo servi\u00e7o p\u00fablico eficiente. Funcion\u00e1rio p\u00fablico da antiga Celg h\u00e1 mais de 30 anos.<\/p>\n\n\n\n<p>Jos\u00e9 Fernandes (MDB). Chegou ao segundo mandato com for\u00e7a na \u00e1rea da sa\u00fade. Luta pelo servi\u00e7o p\u00fablico de qualidade, principalmente pela classe mais carente.<\/p>\n\n\n\n<p>Leit\u00e3o do Sindicato (Avante). Est\u00e1 no primeiro mandato. Defende os valores da fam\u00edlia, da f\u00e9 e do amor ao pr\u00f3ximo. L\u00edder sindical da Caoa.<\/p>\n\n\n\n<p>Luzimar Silva (PP). Est\u00e1 no terceiro mandato. L\u00edder comunit\u00e1rio e esportista. Luta pelas crian\u00e7as pobres e desenvolvimento da juventude.<\/p>\n\n\n\n<p>Professor Marcos (PT). Est\u00e1 no segundo mandato. \u00c9 professor, psic\u00f3logo e bacharel em direito. Atua na defesa da educa\u00e7\u00e3o, cultura e em defesa dos servidores p\u00fablicos.<\/p>\n\n\n\n<p>Reamilton do Autismo (Podemos). Est\u00e1 no segundo mandato. Refer\u00eancia crist\u00e3, ele luta pelo servi\u00e7o p\u00fablico de qualidade. Defensor das causas dos portadores de defici\u00eancia.<\/p>\n\n\n\n<p>Rimet Jules (PT). Se encontra no primeiro mandato. Advogado, l\u00edder partid\u00e1rio, luta, principalmente, pelo meio ambiente, juventude e cultura.<\/p>\n\n\n\n<p>Seliane da SOS (MDB). Est\u00e1 no segundo mandato. \u00c9 fisioterapeuta e luta pela causa animal, resgatando c\u00e3es e gatos em situa\u00e7\u00e3o de vulnerabilidade.<\/p>\n\n\n\n<p>Policial Federal Suender (PL). Est\u00e1 no segundo mandato. Atua no trabalho de combate \u00e0 corrup\u00e7\u00e3o e fiscaliza\u00e7\u00e3o dos servi\u00e7os p\u00fablicos oferecidos \u00e0 sociedade.<\/p>\n\n\n\n<p>Thais Souza (Republicanos). Est\u00e1 no terceiro mandato. Advogada, defende os direitos dos animais maltratados e abandonados.<\/p>\n\n\n\n<p>Wederson Lopes (Uni\u00e3o Brasil). Est\u00e1 no terceiro mandato. Engenheiro civil por forma\u00e7\u00e3o. \u00c9 l\u00edder crist\u00e3o e atua forte em \u00e1reas como Meio Ambiente e Plano Diretor tendo, inclusive, ocupado pastas destas \u00e1reas no Executivo.<\/p>\n","protected":false},"excerpt":{"rendered":"","protected":false},"author":1,"featured_media":0,"parent":0,"menu_order":0,"comment_status":"closed","ping_status":"closed","template":"","meta":{"_acf_changed":false,"_seopress_robots_primary_cat":"","_seopress_titles_title":"","_seopress_titles_desc":"","_seopress_robots_index":"","custom_icon_class":"","footnotes":""},"class_list":["post-80","page","type-page","status-publish","hentry"],"acf":[],"custom_icon_class":false,"tax_custom_icon_class":false,"default_custom_icon_class":"nmi--wysiwyg","singularTaxonomy":"P\u00e1gina","_links":{"self":[{"href":"https:\/\/anapolis.go.leg.br\/memorial-da-camara\/wp-json\/wp\/v2\/pages\/80","targetHints":{"allow":["GET"]}}],"collection":[{"href":"https:\/\/anapolis.go.leg.br\/memorial-da-camara\/wp-json\/wp\/v2\/pages"}],"about":[{"href":"https:\/\/anapolis.go.leg.br\/memorial-da-camara\/wp-json\/wp\/v2\/types\/page"}],"author":[{"embeddable":true,"href":"https:\/\/anapolis.go.leg.br\/memorial-da-camara\/wp-json\/wp\/v2\/users\/1"}],"replies":[{"embeddable":true,"href":"https:\/\/anapolis.go.leg.br\/memorial-da-camara\/wp-json\/wp\/v2\/comments?post=80"}],"version-history":[{"count":1,"href":"https:\/\/anapolis.go.leg.br\/memorial-da-camara\/wp-json\/wp\/v2\/pages\/80\/revisions"}],"predecessor-version":[{"id":81,"href":"https:\/\/anapolis.go.leg.br\/memorial-da-camara\/wp-json\/wp\/v2\/pages\/80\/revisions\/81"}],"wp:attachment":[{"href":"https:\/\/anapolis.go.leg.br\/memorial-da-camara\/wp-json\/wp\/v2\/media?parent=80"}],"curies":[{"name":"wp","href":"https:\/\/api.w.org\/{rel}","templated":true}]}}