{"id":62,"date":"2026-02-17T11:17:30","date_gmt":"2026-02-17T14:17:30","guid":{"rendered":"https:\/\/anapolisgoleg.nucleo.site\/memorial-da-camara\/?page_id=62"},"modified":"2026-02-17T11:17:30","modified_gmt":"2026-02-17T14:17:30","slug":"comenda-henrique-santillo","status":"publish","type":"page","link":"https:\/\/anapolis.go.leg.br\/memorial-da-camara\/comenda-henrique-santillo\/","title":{"rendered":"Comenda Henrique Santillo"},"content":{"rendered":"\n<div class=\"wp-block-columns is-layout-flex wp-container-core-columns-is-layout-fff3c045 wp-block-columns-is-layout-flex\" style=\"padding-right:0;padding-left:0\">\n<div class=\"wp-block-column is-layout-flow wp-block-column-is-layout-flow\">\n<div class=\"wp-block-group has-grey-20-background-color has-background is-layout-constrained wp-container-core-group-is-layout-7aafc7c5 wp-block-group-is-layout-constrained\" style=\"border-radius:8px;border-top-color:#CFD2D4;border-right-color:#CFD2D4;border-right-width:3px;border-bottom-color:#CFD2D4;border-bottom-width:3px;border-left-color:#CFD2D4;margin-top:2rem;margin-bottom:2rem;padding-top:1rem;padding-right:1rem;padding-bottom:1rem;padding-left:1rem\">        <div class=\" has-background has-border-color acordeon wp-block-nwe-article-toggle has-background has-grey-20-background-color\" data-max-height=\"220\">\n            <div class=\"top\">\n                <h5 class=\"handle-item\" style='color: #001A5B'>Ano 2018<\/h5><span class=\"icon nmi-default-add\"><\/span>            <\/div>\n            <div class=\"wp-block-post-content hidden\">\n                \n<div class=\"inner-blocks\">\n<ul class=\"wp-block-list\">\n<li>Adhemar Santillo<\/li>\n\n\n\n<li>Alessando Di Carlo Ferreira<\/li>\n\n\n\n<li>Altamiro Barbosa dos Anjos<\/li>\n\n\n\n<li>Daniel Silva Fortes<\/li>\n\n\n\n<li>Iran C\u00e9lio Jos\u00e9 Rodrigues<\/li>\n\n\n\n<li>Ivan Beze J\u00fanior<\/li>\n\n\n\n<li>Jo\u00e3o Bosco Machado da Silveira<\/li>\n\n\n\n<li>Jo\u00e3o Campos de Ara\u00fajo<\/li>\n\n\n\n<li>Jos\u00e9 V\u00edtor Caixeta Ramos<\/li>\n\n\n\n<li>Klever Mendes Campos<\/li>\n\n\n\n<li>Leonardo Odair Sanches Borges<\/li>\n\n\n\n<li>Luiz S\u00e9rgio Gon\u00e7alves Lopes<\/li>\n\n\n\n<li>Maria da Gloria Fernandes Coelho (Irm\u00e3 Rita)<\/li>\n\n\n\n<li>Marisa Mota da Silva Esp\u00edndola<\/li>\n\n\n\n<li>Odilon Alves Rosa<\/li>\n\n\n\n<li>1\u00ba Ten. PM Paulo Henrique Xavier Rosa<\/li>\n\n\n\n<li>Reamilton Gon\u00e7alves Esp\u00edndola de Athayde<\/li>\n\n\n\n<li>Ricardo Beze Prates<\/li>\n\n\n\n<li>Ricardo Jorge Naben<\/li>\n\n\n\n<li>Roberto Alves Pereira<\/li>\n\n\n\n<li>Roselane Rosa Cardoso Gomes<\/li>\n\n\n\n<li>Ruiter da Silva<\/li>\n\n\n\n<li>S\u00e9rgio Gonzaga Jaime<\/li>\n\n\n\n<li>S\u00e9rgio M\u00e1rio Gabardo<\/li>\n\n\n\n<li>Ulisses de Oliveira Bitencourt<\/li>\n\n\n\n<li>Virg\u00ednia Maria Pereira de Melo<\/li>\n<\/ul>\n<\/div>\n            <\/div>\n                    <\/div>\n        <\/div>\n<\/div>\n\n\n\n<div class=\"wp-block-column is-layout-flow wp-block-column-is-layout-flow\">\n<div class=\"wp-block-group has-grey-20-background-color has-background is-layout-constrained wp-container-core-group-is-layout-7aafc7c5 wp-block-group-is-layout-constrained\" style=\"border-radius:8px;border-top-color:#CFD2D4;border-right-color:#CFD2D4;border-right-width:3px;border-bottom-color:#CFD2D4;border-bottom-width:3px;border-left-color:#CFD2D4;margin-top:2rem;margin-bottom:2rem;padding-top:1rem;padding-right:1rem;padding-bottom:1rem;padding-left:1rem\">        <div class=\" has-background has-border-color acordeon wp-block-nwe-article-toggle has-background has-grey-20-background-color\" data-max-height=\"220\">\n            <div class=\"top\">\n                <h5 class=\"handle-item\" style='color: #001A5B'>Ano 2017<\/h5><span class=\"icon nmi-default-add\"><\/span>            <\/div>\n            <div class=\"wp-block-post-content hidden\">\n                \n<div class=\"inner-blocks\">\n<ul class=\"wp-block-list\">\n<li>Adonai Tadeu Rodrigues<\/li>\n\n\n\n<li>Alexandre Gomes<\/li>\n\n\n\n<li>Amador dos Santos<\/li>\n\n\n\n<li>Anast\u00e1cios Apostolos Dagios<\/li>\n\n\n\n<li>Ant\u00f4nio Pedro Ghirardi<\/li>\n\n\n\n<li>Benedito Gon\u00e7alves da Costa<\/li>\n\n\n\n<li>Berti\u00ea Adais Magalh\u00e3es<\/li>\n\n\n\n<li>Carlos C\u00e9sar Savastano de Toledo<\/li>\n\n\n\n<li>C\u00edrio Barbosa Ramos<\/li>\n\n\n\n<li>Daniel Messac de Morais<\/li>\n\n\n\n<li>Edward Jos\u00e9 J\u00fanior<\/li>\n\n\n\n<li>Frederico Ant\u00f4nio Bastos Godoy<\/li>\n\n\n\n<li>Geovanne Laurindo Costa<\/li>\n\n\n\n<li>Gilberto Marques Filho<\/li>\n\n\n\n<li>Gilvan Leite Borges<\/li>\n\n\n\n<li>Henrique Mariano de Oliveira<\/li>\n\n\n\n<li>Jo\u00e3o Batista Victor<\/li>\n\n\n\n<li>Lilian Paulina de Morais<\/li>\n\n\n\n<li>Marcelo Cec\u00edlio Daher<\/li>\n\n\n\n<li>Mateus Milhomem de Sousa<\/li>\n\n\n\n<li>Odair Francisco Borba<\/li>\n\n\n\n<li>Ricardo Silveira Dourado<\/li>\n\n\n\n<li>Roberto Ant\u00f4nio Abr\u00e3o<\/li>\n\n\n\n<li>Stanley James Fanstone Pina<\/li>\n\n\n\n<li>Talmon Pinheiro Lima<\/li>\n\n\n\n<li>Valber Barreto De Queiroz<\/li>\n<\/ul>\n<\/div>\n            <\/div>\n                    <\/div>\n        <\/div>\n<\/div>\n\n\n\n<div class=\"wp-block-column is-layout-flow wp-block-column-is-layout-flow\">\n<div class=\"wp-block-group has-grey-20-background-color has-background is-layout-constrained wp-container-core-group-is-layout-7aafc7c5 wp-block-group-is-layout-constrained\" style=\"border-radius:8px;border-top-color:#CFD2D4;border-right-color:#CFD2D4;border-right-width:3px;border-bottom-color:#CFD2D4;border-bottom-width:3px;border-left-color:#CFD2D4;margin-top:2rem;margin-bottom:2rem;padding-top:1rem;padding-right:1rem;padding-bottom:1rem;padding-left:1rem\">        <div class=\" has-background has-border-color acordeon wp-block-nwe-article-toggle has-background has-grey-20-background-color\" data-max-height=\"220\">\n            <div class=\"top\">\n                <h5 class=\"handle-item\" style='color: #001A5B'>Ano 2016<\/h5><span class=\"icon nmi-default-add\"><\/span>            <\/div>\n            <div class=\"wp-block-post-content hidden\">\n                \n<div class=\"inner-blocks\">\n<ul class=\"wp-block-list\">\n<li>Tenente Henrique Silva Ribeiro<\/li>\n\n\n\n<li>Dr. M\u00e1rcio Aur\u00e9lio Correia<\/li>\n\n\n\n<li>\u00c2ngelo Barbosa Lovis<\/li>\n\n\n\n<li>Miguel Moreira da Silva<\/li>\n\n\n\n<li>Cabo Thiago Francisco Nunes<\/li>\n\n\n\n<li>Karim Abrah\u00e3o<\/li>\n\n\n\n<li>Arnaldo Jayme de Pina<\/li>\n\n\n\n<li>Vander Ribeiro Palhano<\/li>\n\n\n\n<li>Pastora Alda Alves Louren\u00e7o<\/li>\n\n\n\n<li>H\u00e9lio Alves Pereira<\/li>\n\n\n\n<li>Coronel Adailton Florentino Nascimento<\/li>\n\n\n\n<li>Deputado Federal Jovair Arantes<\/li>\n\n\n\n<li>Adeon Ramos<\/li>\n\n\n\n<li>Deputado Estadual Simeyzon Silveira<\/li>\n\n\n\n<li>Ronivan Peixoto de Morais J\u00fanior<\/li>\n\n\n\n<li>Prefeito eleito Roberto Naves<\/li>\n\n\n\n<li>Luiz Carlos Teixeira<\/li>\n\n\n\n<li>Pastor Micael Evangelista Santana<\/li>\n<\/ul>\n<\/div>\n            <\/div>\n                    <\/div>\n        <\/div>\n<\/div>\n<\/div>\n\n\n\n<div class=\"wp-block-columns is-layout-flex wp-container-core-columns-is-layout-fff3c045 wp-block-columns-is-layout-flex\" style=\"padding-right:0;padding-left:0\">\n<div class=\"wp-block-column is-layout-flow wp-block-column-is-layout-flow\">\n<div class=\"wp-block-group has-grey-20-background-color has-background is-layout-constrained wp-container-core-group-is-layout-7aafc7c5 wp-block-group-is-layout-constrained\" style=\"border-radius:8px;border-top-color:#CFD2D4;border-right-color:#CFD2D4;border-right-width:3px;border-bottom-color:#CFD2D4;border-bottom-width:3px;border-left-color:#CFD2D4;margin-top:2rem;margin-bottom:2rem;padding-top:1rem;padding-right:1rem;padding-bottom:1rem;padding-left:1rem\">        <div class=\" has-background has-border-color acordeon wp-block-nwe-article-toggle has-background has-grey-20-background-color\" data-max-height=\"220\">\n            <div class=\"top\">\n                <h5 class=\"handle-item\" style='color: #001A5B'>Ano 2015<\/h5><span class=\"icon nmi-default-add\"><\/span>            <\/div>\n            <div class=\"wp-block-post-content hidden\">\n                \n<div class=\"inner-blocks\">\n<ul class=\"wp-block-list\">\n<li>Ademar Santos<\/li>\n\n\n\n<li>Adriano de Freitas Ara\u00fajo<\/li>\n\n\n\n<li>Alan Kardec Neves<\/li>\n\n\n\n<li>Ant\u00f4nio Jorge Auad Gemus<\/li>\n\n\n\n<li>Danubio Ant\u00f4nio de Oliveira<\/li>\n\n\n\n<li>Dimas Jos\u00e9 de Oliveira<\/li>\n\n\n\n<li>Edeilson Martins de Souza<\/li>\n\n\n\n<li>\u00c9dson Ferreira Lima<\/li>\n\n\n\n<li>Elias Carrijo Ribeiro<\/li>\n\n\n\n<li>Enival Ferreira de Souza<\/li>\n\n\n\n<li>Henrique Ant\u00f4nio Filho<\/li>\n\n\n\n<li>Ildo Aniceto Ferreira<\/li>\n\n\n\n<li>Jo\u00e3o Batista Gomes Pinto<\/li>\n\n\n\n<li>Jos\u00e9 Alberto da Luz Mota<\/li>\n\n\n\n<li>Lindomar Silva<\/li>\n\n\n\n<li>Lucas Verg\u00edlio<\/li>\n\n\n\n<li>Luiz Jos\u00e9 de Lima e Lemos Vaz Monteiro<\/li>\n\n\n\n<li>Padre Fran\u00e7o\u00e1 Rodrigues Figueiredo Costa<\/li>\n\n\n\n<li>Robson Torres<\/li>\n\n\n\n<li>Rog\u00e9rio Garcia Fernandes<\/li>\n\n\n\n<li>S\u00e9rgio Marques Alves de Ara\u00fajo<\/li>\n\n\n\n<li>Sinomar Fernandes<\/li>\n\n\n\n<li>Valmir Gon\u00e7alves Ferreira<\/li>\n<\/ul>\n<\/div>\n            <\/div>\n                    <\/div>\n        <\/div>\n<\/div>\n\n\n\n<div class=\"wp-block-column is-layout-flow wp-block-column-is-layout-flow\">\n<div class=\"wp-block-group has-grey-20-background-color has-background is-layout-constrained wp-container-core-group-is-layout-7aafc7c5 wp-block-group-is-layout-constrained\" style=\"border-radius:8px;border-top-color:#CFD2D4;border-right-color:#CFD2D4;border-right-width:3px;border-bottom-color:#CFD2D4;border-bottom-width:3px;border-left-color:#CFD2D4;margin-top:2rem;margin-bottom:2rem;padding-top:1rem;padding-right:1rem;padding-bottom:1rem;padding-left:1rem\">        <div class=\" has-background has-border-color acordeon wp-block-nwe-article-toggle has-background has-grey-20-background-color\" data-max-height=\"220\">\n            <div class=\"top\">\n                <h5 class=\"handle-item\" style='color: #001A5B'>Ano 2014<\/h5><span class=\"icon nmi-default-add\"><\/span>            <\/div>\n            <div class=\"wp-block-post-content hidden\">\n                \n<div class=\"inner-blocks\">\n<ul class=\"wp-block-list\">\n<li>MAJOR EDUARDO SPAGNOL<\/li>\n\n\n\n<li>MARIA GON\u00c7ALVES CUNHA CANTARELLI<\/li>\n\n\n\n<li>DR. LEONARDO CUNHA TEIXEIRA<\/li>\n\n\n\n<li>JOS\u00c9 PAULO TINAZO<\/li>\n\n\n\n<li>ERIVALDO MARIANO DOS SANTOS<\/li>\n\n\n\n<li>NELSON PIRES DA SILVA<\/li>\n\n\n\n<li>BRUNO ROCHA DE OLIVEIRA<\/li>\n\n\n\n<li>JOS\u00c9 ALBERTO DA LUZ MOTA<\/li>\n\n\n\n<li>DRA. SANDRA MARA GARBELINI<\/li>\n\n\n\n<li>VALDEMIR RIBEIRO<\/li>\n\n\n\n<li>JOS\u00c9 ARCANJO DE MELO<\/li>\n\n\n\n<li>BENEDITO MENDES FERREIRA<\/li>\n\n\n\n<li>ADEMIR ALVES PRIMO<\/li>\n\n\n\n<li>IRM\u00c3 MARILIA ALVES DE GODOI<\/li>\n\n\n\n<li>GERALDO VARLEI DE MIRANDA<\/li>\n\n\n\n<li>SARGENTO EDILSON COSTA LIMA<\/li>\n\n\n\n<li>SILVIO FURTADO DA SILVEIRA J\u00d9NIOR<\/li>\n\n\n\n<li>ODILAR MACIEL BARRETO FILHO<\/li>\n\n\n\n<li>CLEOMAR ALVES<\/li>\n\n\n\n<li>JOSMAR AMARAL GON\u00c7ALVES<\/li>\n\n\n\n<li>ANDR\u00c9 FREIRE DE PAIVA<\/li>\n\n\n\n<li>DR. LUIZ CLA\u00daDIO RESENDE GON\u00c7ALVES<\/li>\n\n\n\n<li>ISAAC ALARC\u00c3O<\/li>\n\n\n\n<li>ANTONIO TEODORIO MESQUITA<\/li>\n\n\n\n<li>WELERSON VIEIRA DO PRADO J\u00daNIOR<\/li>\n\n\n\n<li>TAUNY MENDES<\/li>\n\n\n\n<li>YURI GARGARIN DE ALMEIDA<\/li>\n\n\n\n<li>TEN. CORONEL ELISBOA MOREIRA BELO<\/li>\n\n\n\n<li>PAULO JUNES C\u00d3<\/li>\n<\/ul>\n<\/div>\n            <\/div>\n                    <\/div>\n        <\/div>\n<\/div>\n\n\n\n<div class=\"wp-block-column is-layout-flow wp-block-column-is-layout-flow\">\n<div class=\"wp-block-group has-grey-20-background-color has-background is-layout-constrained wp-container-core-group-is-layout-7aafc7c5 wp-block-group-is-layout-constrained\" style=\"border-radius:8px;border-top-color:#CFD2D4;border-right-color:#CFD2D4;border-right-width:3px;border-bottom-color:#CFD2D4;border-bottom-width:3px;border-left-color:#CFD2D4;margin-top:2rem;margin-bottom:2rem;padding-top:1rem;padding-right:1rem;padding-bottom:1rem;padding-left:1rem\">        <div class=\" has-background has-border-color acordeon wp-block-nwe-article-toggle has-background has-grey-20-background-color\" data-max-height=\"220\">\n            <div class=\"top\">\n                <h5 class=\"handle-item\" style='color: #001A5B'>Ano 2013<\/h5><span class=\"icon nmi-default-add\"><\/span>            <\/div>\n            <div class=\"wp-block-post-content hidden\">\n                \n<div class=\"inner-blocks\">\n<ul class=\"wp-block-list\">\n<li>Diomar Luciano Ribeiro<\/li>\n\n\n\n<li>Sinomar Fernandes da Silveira<\/li>\n\n\n\n<li>Wesley da Cunha<\/li>\n\n\n\n<li>Eurico Santos do Nascimento<\/li>\n\n\n\n<li>Gleice Pereira da Silva<\/li>\n\n\n\n<li>Wagner Geraldes<\/li>\n\n\n\n<li>Ant\u00f4nio Jord\u00e3o de Arruda<\/li>\n\n\n\n<li>Adair Rodrigues dos Santos<\/li>\n\n\n\n<li>Aparecida da Paz dos Santos<\/li>\n\n\n\n<li>Edilson Soares Batista<\/li>\n\n\n\n<li>Paulo Eduardo Marinho de Jesus<\/li>\n\n\n\n<li>Pedro Gomes Neto<\/li>\n\n\n\n<li>Joceli Machado J\u00fanior<\/li>\n\n\n\n<li>Valdeci Gon\u00e7alves Dutra<\/li>\n\n\n\n<li>Jo\u00e3o Soares da Silva<\/li>\n\n\n\n<li>Marcos Vinicius Pinto Batista<\/li>\n\n\n\n<li>Nelson de Paula Faria<\/li>\n\n\n\n<li>Mirian Lopes de Souza<\/li>\n\n\n\n<li>Jos\u00e9 Wallace Horizes Costa<\/li>\n\n\n\n<li>Luciano Souza Magalh\u00e3es<\/li>\n\n\n\n<li>Divino Carlos de Oliveira<\/li>\n\n\n\n<li>Marcelo Mello Barbosa<\/li>\n\n\n\n<li>Fl\u00e1via F\u00e9lix de Oliveira<\/li>\n\n\n\n<li>Odair Francisco Borba<\/li>\n\n\n\n<li>Ivan Raposo Sim\u00f5es<\/li>\n\n\n\n<li>Maria Odete C\u00e9zar<\/li>\n\n\n\n<li>Jo\u00e3o Hip\u00f3lito<\/li>\n\n\n\n<li>Jos\u00e9 Urbano da Silva<\/li>\n<\/ul>\n<\/div>\n            <\/div>\n                    <\/div>\n        <\/div>\n<\/div>\n<\/div>\n\n\n\n<div class=\"wp-block-columns is-layout-flex wp-container-core-columns-is-layout-fff3c045 wp-block-columns-is-layout-flex\" style=\"padding-right:0;padding-left:0\">\n<div class=\"wp-block-column is-layout-flow wp-block-column-is-layout-flow\">\n<div class=\"wp-block-group has-grey-20-background-color has-background is-layout-constrained wp-container-core-group-is-layout-7aafc7c5 wp-block-group-is-layout-constrained\" style=\"border-radius:8px;border-top-color:#CFD2D4;border-right-color:#CFD2D4;border-right-width:3px;border-bottom-color:#CFD2D4;border-bottom-width:3px;border-left-color:#CFD2D4;margin-top:2rem;margin-bottom:2rem;padding-top:1rem;padding-right:1rem;padding-bottom:1rem;padding-left:1rem\">        <div class=\" has-background has-border-color acordeon wp-block-nwe-article-toggle has-background has-grey-20-background-color\" data-max-height=\"220\">\n            <div class=\"top\">\n                <h5 class=\"handle-item\" style='color: #001A5B'>Ano 2012<\/h5><span class=\"icon nmi-default-add\"><\/span>            <\/div>\n            <div class=\"wp-block-post-content hidden\">\n                \n<div class=\"inner-blocks\">\n<ul class=\"wp-block-list\">\n<li>Alciomar Fernandes Pereira<\/li>\n\n\n\n<li>Cel. Ant\u00f4nio Pires da Silva<\/li>\n\n\n\n<li>Dr. Arnaldo de Sousa Texeira Junior<\/li>\n\n\n\n<li>Dep. Estadual Carlos Antonio de Souza Costa<\/li>\n\n\n\n<li>Ten. Cl\u00e1ucia Alves da Costa Soares<\/li>\n\n\n\n<li>Dalmo Jacob do Amaral J\u00fanior<\/li>\n\n\n\n<li>Dr. Dieb Abdon Afiune<\/li>\n\n\n\n<li>Cap. Edmar Pereira de Araujo<\/li>\n\n\n\n<li>Ten Cel.Edmilson Pereira de Araujo<\/li>\n\n\n\n<li>Dr. Edmo de Oliveira Pina<\/li>\n\n\n\n<li>Fernando Souza Moura<\/li>\n\n\n\n<li>Genivaldo Jos\u00e9 Caixeta<\/li>\n\n\n\n<li>Gilberto de Araujo Campos<\/li>\n\n\n\n<li>Ten. Cel. Heber de Souza Lima<\/li>\n\n\n\n<li>Dr.H\u00e9lio Rodrigues de Sousa<\/li>\n\n\n\n<li>Major Jackson Luzo Concei\u00e7\u00e3o Ara\u00fajo<\/li>\n\n\n\n<li>Jesilene Bonach Xavier<\/li>\n\n\n\n<li>Jos\u00e9 Cassiano Alves<\/li>\n\n\n\n<li>Dep. Estadual Jos\u00e9 Rodrigues de Lima Neto<\/li>\n\n\n\n<li>Lucivan Machado<\/li>\n\n\n\n<li>Maria do Socorro Costa<\/li>\n\n\n\n<li>Moises Cesar Bueno<\/li>\n\n\n\n<li>Nestor Fernandes Medeiros<\/li>\n\n\n\n<li>Desembargador Paulo Maria Teles Antunes<\/li>\n\n\n\n<li>Roberto Duarte Barbosa<\/li>\n\n\n\n<li>Sol. Robson Silva Souza<\/li>\n\n\n\n<li>Sgt. Romildo Ferreira do Carmo<\/li>\n\n\n\n<li>Rubens Bento Borges<\/li>\n\n\n\n<li>Dep. Federal Sandro Mabel<\/li>\n\n\n\n<li>Saulo Sartre Ubaldino<\/li>\n\n\n\n<li>Ten. S\u00e9rgio Cunha Pereira Lima<\/li>\n\n\n\n<li>Cap. Waldivino Alves de Amori<\/li>\n<\/ul>\n<\/div>\n            <\/div>\n                    <\/div>\n        <\/div>\n<\/div>\n\n\n\n<div class=\"wp-block-column is-layout-flow wp-block-column-is-layout-flow\">\n<div class=\"wp-block-group has-grey-20-background-color has-background is-layout-constrained wp-container-core-group-is-layout-7aafc7c5 wp-block-group-is-layout-constrained\" style=\"border-radius:8px;border-top-color:#CFD2D4;border-right-color:#CFD2D4;border-right-width:3px;border-bottom-color:#CFD2D4;border-bottom-width:3px;border-left-color:#CFD2D4;margin-top:2rem;margin-bottom:2rem;padding-top:1rem;padding-right:1rem;padding-bottom:1rem;padding-left:1rem\">        <div class=\" has-background has-border-color acordeon wp-block-nwe-article-toggle has-background has-grey-20-background-color\" data-max-height=\"220\">\n            <div class=\"top\">\n                <h5 class=\"handle-item\" style='color: #001A5B'>Ano 2011<\/h5><span class=\"icon nmi-default-add\"><\/span>            <\/div>\n            <div class=\"wp-block-post-content hidden\">\n                \n<div class=\"inner-blocks\">\n<ul class=\"wp-block-list\">\n<li>Dr. Luiz Ant\u00f4nio de Carvalho<\/li>\n\n\n\n<li>Dr. Wilson Jos\u00e9 Sena Pedro<\/li>\n\n\n\n<li>Jos\u00e9 Borges<\/li>\n\n\n\n<li>Dr. Jos\u00e9 Alencastro Pacheco<\/li>\n\n\n\n<li>Givaldo Batista J\u00fanior<\/li>\n\n\n\n<li>Daniel Resende Vieira<\/li>\n\n\n\n<li>Dr. Roberto Luiz de Oliveira<\/li>\n\n\n\n<li>T\u00e2nia Mara Arruda Borges<\/li>\n\n\n\n<li>S\u00e9rgio Ant\u00f4nio Cardoso de Queiroz<\/li>\n\n\n\n<li>Dr. Arinilson Gon\u00e7alves Mariano<\/li>\n\n\n\n<li>Terezinha Gon\u00e7alves Damasceno<\/li>\n\n\n\n<li>Jos\u00e9 Mendes Santos<\/li>\n\n\n\n<li>Luiz Carlos Gonzaga<\/li>\n\n\n\n<li>Ant\u00f4nio J\u00falio de Oliveira<\/li>\n\n\n\n<li>Tenente Coronel Sidney Pontes Ribeiro<\/li>\n\n\n\n<li>1\u00ba SGT PM Sidney Ferreira Teles<\/li>\n\n\n\n<li>Jo\u00e3o Neilson da Silva<\/li>\n\n\n\n<li>2\u00ba SGT PM Fernando de Freitas<\/li>\n\n\n\n<li>CAP PM Ademir Rodrigues da Silva<\/li>\n\n\n\n<li>CB PM Valdeci Rodrigues Pereira<\/li>\n\n\n\n<li>Luiz Jos\u00e9 de Oliveira Lima<\/li>\n\n\n\n<li>Luzia Cordeiro da Silva Menezes<\/li>\n\n\n\n<li>MAJ PM Silv\u00e9rio Jos\u00e9 Martins<\/li>\n\n\n\n<li>Dr. Manoel Vanderic Correia Filho<\/li>\n\n\n\n<li>Valdivino Gomes<\/li>\n\n\n\n<li>2\u00ba SGT PM Joel Soares Galv\u00e3o<\/li>\n\n\n\n<li>Dr. Andr\u00e9 Luiz Ign\u00e1cio de Almeida<\/li>\n\n\n\n<li>Neide Rodrigues Ramos<\/li>\n\n\n\n<li>Jos\u00e9 Teodoro Coelho<\/li>\n\n\n\n<li>Cl\u00e1udio Roberto Mazon<\/li>\n\n\n\n<li>Dr. Arunan Pinheiro Lima<\/li>\n\n\n\n<li>Dr. Marcus da Costa Ferreira<\/li>\n\n\n\n<li>Dr. Rold\u00e3o Izael Cassimiro<\/li>\n\n\n\n<li>Dr. Carlos Alberto Lima<\/li>\n\n\n\n<li>Ailton Luiz da Silva<\/li>\n\n\n\n<li>Dr. Luiz Teixeira Chaves<\/li>\n<\/ul>\n<\/div>\n            <\/div>\n                    <\/div>\n        <\/div>\n<\/div>\n\n\n\n<div class=\"wp-block-column is-layout-flow wp-block-column-is-layout-flow\">\n<div class=\"wp-block-group has-grey-20-background-color has-background is-layout-constrained wp-container-core-group-is-layout-7aafc7c5 wp-block-group-is-layout-constrained\" style=\"border-radius:8px;border-top-color:#CFD2D4;border-right-color:#CFD2D4;border-right-width:3px;border-bottom-color:#CFD2D4;border-bottom-width:3px;border-left-color:#CFD2D4;margin-top:2rem;margin-bottom:2rem;padding-top:1rem;padding-right:1rem;padding-bottom:1rem;padding-left:1rem\">        <div class=\" has-background has-border-color acordeon wp-block-nwe-article-toggle has-background has-grey-20-background-color\" data-max-height=\"220\">\n            <div class=\"top\">\n                <h5 class=\"handle-item\" style='color: #001A5B'>Ano 2010<\/h5><span class=\"icon nmi-default-add\"><\/span>            <\/div>\n            <div class=\"wp-block-post-content hidden\">\n                \n<div class=\"inner-blocks\">\n<ul class=\"wp-block-list\">\n<li>SR. MAURICIO RODRIGUES DA SILVA<\/li>\n\n\n\n<li>SR. HABIB GABRIEL ISSA<\/li>\n\n\n\n<li>SR. JOSE IZECIAS DE OLIVIERA<\/li>\n\n\n\n<li>SR. FREDERICO JAYME<\/li>\n\n\n\n<li>SR DAVID BISPO DE SOUZA<\/li>\n\n\n\n<li>SR. DIVALDO PEREIRA FRANCO<\/li>\n\n\n\n<li>TENENTE CORONEL QOPM\/GO PAULO INACIO DA SILVA<\/li>\n\n\n\n<li>SR. FRANCISCO FERREIRA ROSA<\/li>\n\n\n\n<li>SENHORITA POLLYANA PEREIRA FIRMINO<\/li>\n\n\n\n<li>SR. AILTON LUIS DA SILVA<\/li>\n\n\n\n<li>SRA. MARLENE GOMES DE ALMEIDA<\/li>\n\n\n\n<li>SR. JOSE OLIMPIO ALVES DE MORAIS<\/li>\n\n\n\n<li>SR. CARLOS ROSA DA SILVA<\/li>\n\n\n\n<li>SR. DEMOSTENES LAZARO XAVIER TORRES<\/li>\n\n\n\n<li>SRA. TANIA PEREIRA DE ANDRADE VALERIANO<\/li>\n\n\n\n<li>DR. PEDRO PAULO DE OLIVEIRA<\/li>\n\n\n\n<li>SR. JACOB APARECIDO DE SOUZA<\/li>\n\n\n\n<li>SR. ROMUALDO SANTILLO<\/li>\n\n\n\n<li>SR. VILMAR ROCHA<\/li>\n\n\n\n<li>SR. JEOVAH VIANA BORGES JUNIOR<\/li>\n\n\n\n<li>SR. EDGAR FONSECA BUEN0<\/li>\n\n\n\n<li>SR. MANOEL PEDRO IVO<\/li>\n\n\n\n<li>SR. JOSE ELITON DE FIGUEREDO JUNIOR<\/li>\n\n\n\n<li>CORONEL AVIADOR ALCIDES TEXEIRA BARCACOVI<\/li>\n\n\n\n<li>SR. LUIZ TEXEIRA CHAVES<\/li>\n\n\n\n<li>SRA. LYDIA ARAUJO QUINAN<\/li>\n<\/ul>\n<\/div>\n            <\/div>\n                    <\/div>\n        <\/div>\n<\/div>\n<\/div>\n\n\n\n<div class=\"wp-block-columns is-layout-flex wp-container-core-columns-is-layout-fff3c045 wp-block-columns-is-layout-flex\" style=\"padding-right:0;padding-left:0\">\n<div class=\"wp-block-column is-layout-flow wp-block-column-is-layout-flow\">\n<div class=\"wp-block-group has-grey-20-background-color has-background is-layout-constrained wp-container-core-group-is-layout-7aafc7c5 wp-block-group-is-layout-constrained\" style=\"border-radius:8px;border-top-color:#CFD2D4;border-right-color:#CFD2D4;border-right-width:3px;border-bottom-color:#CFD2D4;border-bottom-width:3px;border-left-color:#CFD2D4;margin-top:2rem;margin-bottom:2rem;padding-top:1rem;padding-right:1rem;padding-bottom:1rem;padding-left:1rem\">        <div class=\" has-background has-border-color acordeon wp-block-nwe-article-toggle has-background has-grey-20-background-color\" data-max-height=\"220\">\n            <div class=\"top\">\n                <h5 class=\"handle-item\" style='color: #001A5B'>Ano 2009<\/h5><span class=\"icon nmi-default-add\"><\/span>            <\/div>\n            <div class=\"wp-block-post-content hidden\">\n                \n<div class=\"inner-blocks\">\n<ul class=\"wp-block-list\">\n<li>SR. MAJOR QOPM RUBENS MAIA DA SILVA<\/li>\n\n\n\n<li>SRA. DEJANIRA SABINO DE OLIVEIRA CON\u00c7ALVES<\/li>\n\n\n\n<li>SR. AIRES CARDOSO DA SILVA<\/li>\n\n\n\n<li>SRA. ANDREIA APRIGIO DE SOUZA RAMOS<\/li>\n\n\n\n<li>SR. SEBASTI\u00c3O RICHELIEU DA COSTA<\/li>\n\n\n\n<li>SR. RICARDO DE JESUS<\/li>\n\n\n\n<li>SR. MARCOS VENICIO LOPES<\/li>\n\n\n\n<li>SR. MARCOS ANTONIO EVANGELISTA<\/li>\n\n\n\n<li>SR. JAIRO DE OLIVEIRA MENDES<\/li>\n\n\n\n<li>SR. JOSE RIBEIRO DA SILVA<\/li>\n\n\n\n<li>SR. ORISVALDO PIRES DA SILVA<\/li>\n\n\n\n<li>SRA. APARECIDA RIBEIRO DE ARAUJO<\/li>\n\n\n\n<li>PASTOR VICTOR HUGO DE QUEIROZ<\/li>\n\n\n\n<li>DRA. CARMEM LUCIA DE ALARC\u00c3O<\/li>\n\n\n\n<li>SRA. MARIA DA ANUNCIA\u00c7\u00c3O COSTA<\/li>\n\n\n\n<li>SR. WILTON JOSE DA SILVA<\/li>\n\n\n\n<li>SR. REITOR DOUTOR CARLOS HASSEL MENDES DA SILVA<\/li>\n\n\n\n<li>SR. CARLOS ANTNIO NOGUEIRA<\/li>\n\n\n\n<li>SR. LUIZ MEDEIROS PINTO<\/li>\n\n\n\n<li>SR. SERGIO RAMOS CAIADO<\/li>\n\n\n\n<li>SR. PEDRO CHAVES CANEDO<\/li>\n\n\n\n<li>SR. ANTONIO ROBERTO OTONI GOMIDE<\/li>\n\n\n\n<li>SR. WALTER JOSE RODRIGUES<\/li>\n\n\n\n<li>SR. JUAREZ PEREIRA SERBETO<\/li>\n<\/ul>\n<\/div>\n            <\/div>\n                    <\/div>\n        <\/div>\n<\/div>\n\n\n\n<div class=\"wp-block-column is-layout-flow wp-block-column-is-layout-flow\">\n<div class=\"wp-block-group has-grey-20-background-color has-background is-layout-constrained wp-container-core-group-is-layout-7aafc7c5 wp-block-group-is-layout-constrained\" style=\"border-radius:8px;border-top-color:#CFD2D4;border-right-color:#CFD2D4;border-right-width:3px;border-bottom-color:#CFD2D4;border-bottom-width:3px;border-left-color:#CFD2D4;margin-top:2rem;margin-bottom:2rem;padding-top:1rem;padding-right:1rem;padding-bottom:1rem;padding-left:1rem\">        <div class=\" has-background has-border-color acordeon wp-block-nwe-article-toggle has-background has-grey-20-background-color\" data-max-height=\"220\">\n            <div class=\"top\">\n                <h5 class=\"handle-item\" style='color: #001A5B'>Ano 2008<\/h5><span class=\"icon nmi-default-add\"><\/span>            <\/div>\n            <div class=\"wp-block-post-content hidden\">\n                \n<div class=\"inner-blocks\">\n<ul class=\"wp-block-list\">\n<li>SR. DR. JUIZ DE DIREITO CARLOS JOSE LIMONGI STERSE<\/li>\n\n\n\n<li>SR. JOSE DE CAMPOS AMARAL<\/li>\n\n\n\n<li>SR. 2\u00ba TEN. QOAPM SIDNEY DE JESUS SILVA<\/li>\n\n\n\n<li>SR. LUIZ CARLOS FRANCISCO DOS SANTOS<\/li>\n\n\n\n<li>SR. MAJOR EDIVAL SOARES BATISTA<\/li>\n\n\n\n<li>SR. MAJOR 1\u00ba TENENTE LUCIANO SOUZA MAGALHAES<\/li>\n\n\n\n<li>SR. MAJOR BOMBEIRO MILITAR DEWILSON ADELINO MATEUS<\/li>\n\n\n\n<li>SR. PROFESSOR GERALDO VALDIVINO DA SILVA<\/li>\n\n\n\n<li>SR. ODAIR BORGES<\/li>\n\n\n\n<li>SR. JULIO SEZAR GOMES FERREIRA<\/li>\n\n\n\n<li>SR. ALDO SILVA ARANTES<\/li>\n\n\n\n<li>SR. NELIO QUEIROZ DE OLIVEIRA<\/li>\n\n\n\n<li>SR. JOSE PEREIRA BORGES<\/li>\n\n\n\n<li>SR. JOHNNY RICARDO DE OLIVEIRA FREITAS<\/li>\n\n\n\n<li>SR. UBIRATAN DA SILVA LOPES<\/li>\n\n\n\n<li>SR. DR. ANTONIO ELI DE OLIVEIRA<\/li>\n\n\n\n<li>SR. DR. WILMAR JARDIM DE CARVALHO<\/li>\n\n\n\n<li>SRA. CLARICE BOTELHO DE VELASCO<\/li>\n\n\n\n<li>SR. GALILEU BORGES<\/li>\n<\/ul>\n<\/div>\n            <\/div>\n                    <\/div>\n        <\/div>\n<\/div>\n\n\n\n<div class=\"wp-block-column is-layout-flow wp-block-column-is-layout-flow\">\n<div class=\"wp-block-group has-grey-20-background-color has-background is-layout-constrained wp-container-core-group-is-layout-7aafc7c5 wp-block-group-is-layout-constrained\" style=\"border-radius:8px;border-top-color:#CFD2D4;border-right-color:#CFD2D4;border-right-width:3px;border-bottom-color:#CFD2D4;border-bottom-width:3px;border-left-color:#CFD2D4;margin-top:2rem;margin-bottom:2rem;padding-top:1rem;padding-right:1rem;padding-bottom:1rem;padding-left:1rem\">        <div class=\" has-background has-border-color acordeon wp-block-nwe-article-toggle has-background has-grey-20-background-color\" data-max-height=\"220\">\n            <div class=\"top\">\n                <h5 class=\"handle-item\" style='color: #001A5B'>Ano 2007<\/h5><span class=\"icon nmi-default-add\"><\/span>            <\/div>\n            <div class=\"wp-block-post-content hidden\">\n                \n<div class=\"inner-blocks\">\n<ul class=\"wp-block-list\">\n<li>SR. DEP. ESTADUAL FREI VALDAIR DE JESUS COSTA<\/li>\n\n\n\n<li>SR. GLADISTON VIEIRA DOS SANTOS<\/li>\n\n\n\n<li>SR. ISNEI MANOEL RODRIGUES<\/li>\n\n\n\n<li>SR. PAULO SERGIO DONATO<\/li>\n\n\n\n<li>EMPRESARIO WAGNER FERES AIDAR<\/li>\n\n\n\n<li>EMPRESARIO JOAO RODRIGUES DE QUEIROZ<\/li>\n\n\n\n<li>EMPRESARIO DEOCLECIANO MOREIRA ALVES<\/li>\n\n\n\n<li>SR. AZARIAS GON\u00c7ALVES PORTO<\/li>\n\n\n\n<li>SR. MAJOR PAULO ROBERTO DE OLIVIEIIA<\/li>\n\n\n\n<li>DR. ABILIO WOLNEY AIRES NETO<\/li>\n\n\n\n<li>SR. ROBERTO BRENNER<\/li>\n\n\n\n<li>SR. IRON JUNQUEIRA<\/li>\n\n\n\n<li>SR. FRANCISCO SOUZA COSTA<\/li>\n\n\n\n<li>SR. JOSE ODILON DE OLIVEIRA<\/li>\n\n\n\n<li>SR. WALTER ARAUJO PIMENTAL<\/li>\n\n\n\n<li>SR. WALTER VOSGRAU FAGUNDES<\/li>\n\n\n\n<li>SR. GERALDO DIVINO<\/li>\n<\/ul>\n<\/div>\n            <\/div>\n                    <\/div>\n        <\/div>\n<\/div>\n<\/div>\n\n\n\n<div class=\"wp-block-columns is-layout-flex wp-container-core-columns-is-layout-fff3c045 wp-block-columns-is-layout-flex\" style=\"padding-right:0;padding-left:0\">\n<div class=\"wp-block-column is-layout-flow wp-block-column-is-layout-flow\">\n<div class=\"wp-block-group has-grey-20-background-color has-background is-layout-constrained wp-container-core-group-is-layout-7aafc7c5 wp-block-group-is-layout-constrained\" style=\"border-radius:8px;border-top-color:#CFD2D4;border-right-color:#CFD2D4;border-right-width:3px;border-bottom-color:#CFD2D4;border-bottom-width:3px;border-left-color:#CFD2D4;margin-top:2rem;margin-bottom:2rem;padding-top:1rem;padding-right:1rem;padding-bottom:1rem;padding-left:1rem\">        <div class=\" has-background has-border-color acordeon wp-block-nwe-article-toggle has-background has-grey-20-background-color\" data-max-height=\"220\">\n            <div class=\"top\">\n                <h5 class=\"handle-item\" style='color: #001A5B'>Ano 2006<\/h5><span class=\"icon nmi-default-add\"><\/span>            <\/div>\n            <div class=\"wp-block-post-content hidden\">\n                \n<div class=\"inner-blocks\">\n<ul class=\"wp-block-list\">\n<li>SR. MARCOS BONFIM GARCIA<\/li>\n\n\n\n<li>SR. DIRCEU ALVES DA SILVA<\/li>\n\n\n\n<li>SR. IRAPUAN COSTA JUNIOR<\/li>\n\n\n\n<li>SR. JOAO FERNANDES MUNDIM<\/li>\n\n\n\n<li>SR. GERALDO ROSA<\/li>\n\n\n\n<li>SR. HALIN HELOU<\/li>\n\n\n\n<li>SR. JOAO ABRAHAO<\/li>\n\n\n\n<li>SR. WILSON DE OLIVEIRA<\/li>\n\n\n\n<li>SR. ENEY DE FARIA ARAUJO<\/li>\n\n\n\n<li>SR. AYLTON DEZZEN<\/li>\n\n\n\n<li>SR. TEN. CEL. QOCBM DIVINO APARECIDO DE MELO<\/li>\n\n\n\n<li>SR. SUB TEN. JOSE ROBERTO HOURANI<\/li>\n\n\n\n<li>SR. HELIO RIBEIRO DA SILVA<\/li>\n\n\n\n<li>SF. LEILA MARIA SILVA<\/li>\n\n\n\n<li>SR. FRANCISCO DE CAMPOS AMARAL<\/li>\n\n\n\n<li>SR. DR. SEBASTIAO JOSE DE ASSIS NET0<\/li>\n\n\n\n<li>SR. DR. MARCELO CELESTINO<\/li>\n<\/ul>\n<\/div>\n            <\/div>\n                    <\/div>\n        <\/div>\n<\/div>\n\n\n\n<div class=\"wp-block-column is-layout-flow wp-block-column-is-layout-flow\">\n<div class=\"wp-block-group has-grey-20-background-color has-background is-layout-constrained wp-container-core-group-is-layout-7aafc7c5 wp-block-group-is-layout-constrained\" style=\"border-radius:8px;border-top-color:#CFD2D4;border-right-color:#CFD2D4;border-right-width:3px;border-bottom-color:#CFD2D4;border-bottom-width:3px;border-left-color:#CFD2D4;margin-top:2rem;margin-bottom:2rem;padding-top:1rem;padding-right:1rem;padding-bottom:1rem;padding-left:1rem\">        <div class=\" has-background has-border-color acordeon wp-block-nwe-article-toggle has-background has-grey-20-background-color\" data-max-height=\"220\">\n            <div class=\"top\">\n                <h5 class=\"handle-item\" style='color: #001A5B'>Ano 2005<\/h5><span class=\"icon nmi-default-add\"><\/span>            <\/div>\n            <div class=\"wp-block-post-content hidden\">\n                \n<div class=\"inner-blocks\">\n<ul class=\"wp-block-list\">\n<li>SR. SULTAN FALLUH<\/li>\n\n\n\n<li>SR. EURIPEDES BARSANULFO JUNQUEIRA<\/li>\n\n\n\n<li>SR. WASGHINTON CONSTANTE<\/li>\n\n\n\n<li>DOM FREI JOAO WILK<\/li>\n\n\n\n<li>SR. JOAO BENTO CORREA<\/li>\n\n\n\n<li>SRA.VALERIA JAIME PEIXOTO PERILLO<\/li>\n<\/ul>\n<\/div>\n            <\/div>\n                    <\/div>\n        <\/div>\n<\/div>\n\n\n\n<div class=\"wp-block-column is-layout-flow wp-block-column-is-layout-flow\">\n<div class=\"wp-block-group has-grey-20-background-color has-background is-layout-constrained wp-container-core-group-is-layout-7aafc7c5 wp-block-group-is-layout-constrained\" style=\"border-radius:8px;border-top-color:#CFD2D4;border-right-color:#CFD2D4;border-right-width:3px;border-bottom-color:#CFD2D4;border-bottom-width:3px;border-left-color:#CFD2D4;margin-top:2rem;margin-bottom:2rem;padding-top:1rem;padding-right:1rem;padding-bottom:1rem;padding-left:1rem\">        <div class=\" has-background has-border-color acordeon wp-block-nwe-article-toggle has-background has-grey-20-background-color\" data-max-height=\"220\">\n            <div class=\"top\">\n                <h5 class=\"handle-item\" style='color: #001A5B'>Ano 2004<\/h5><span class=\"icon nmi-default-add\"><\/span>            <\/div>\n            <div class=\"wp-block-post-content hidden\">\n                \n<div class=\"inner-blocks\">\n<ul class=\"wp-block-list\">\n<li>SR. JOSE CLARIMUNDO CESAR<\/li>\n\n\n\n<li>PADRE LUIZ DE LIMA<\/li>\n\n\n\n<li>SRA. SANDRA MELON<\/li>\n<\/ul>\n<\/div>\n            <\/div>\n                    <\/div>\n        <\/div>\n<\/div>\n<\/div>\n\n\n\n<div class=\"wp-block-columns is-layout-flex wp-container-core-columns-is-layout-fff3c045 wp-block-columns-is-layout-flex\" style=\"padding-right:0;padding-left:0\">\n<div class=\"wp-block-column is-layout-flow wp-block-column-is-layout-flow\"><\/div>\n\n\n\n<div class=\"wp-block-column is-layout-flow wp-block-column-is-layout-flow\"><\/div>\n<\/div>\n","protected":false},"excerpt":{"rendered":"","protected":false},"author":1,"featured_media":0,"parent":0,"menu_order":0,"comment_status":"closed","ping_status":"closed","template":"","meta":{"_acf_changed":false,"_seopress_robots_primary_cat":"","_seopress_titles_title":"","_seopress_titles_desc":"","_seopress_robots_index":"","custom_icon_class":"","footnotes":""},"class_list":["post-62","page","type-page","status-publish","hentry"],"acf":[],"custom_icon_class":false,"tax_custom_icon_class":false,"default_custom_icon_class":"nmi--wysiwyg","singularTaxonomy":"P\u00e1gina","_links":{"self":[{"href":"https:\/\/anapolis.go.leg.br\/memorial-da-camara\/wp-json\/wp\/v2\/pages\/62","targetHints":{"allow":["GET"]}}],"collection":[{"href":"https:\/\/anapolis.go.leg.br\/memorial-da-camara\/wp-json\/wp\/v2\/pages"}],"about":[{"href":"https:\/\/anapolis.go.leg.br\/memorial-da-camara\/wp-json\/wp\/v2\/types\/page"}],"author":[{"embeddable":true,"href":"https:\/\/anapolis.go.leg.br\/memorial-da-camara\/wp-json\/wp\/v2\/users\/1"}],"replies":[{"embeddable":true,"href":"https:\/\/anapolis.go.leg.br\/memorial-da-camara\/wp-json\/wp\/v2\/comments?post=62"}],"version-history":[{"count":1,"href":"https:\/\/anapolis.go.leg.br\/memorial-da-camara\/wp-json\/wp\/v2\/pages\/62\/revisions"}],"predecessor-version":[{"id":63,"href":"https:\/\/anapolis.go.leg.br\/memorial-da-camara\/wp-json\/wp\/v2\/pages\/62\/revisions\/63"}],"wp:attachment":[{"href":"https:\/\/anapolis.go.leg.br\/memorial-da-camara\/wp-json\/wp\/v2\/media?parent=62"}],"curies":[{"name":"wp","href":"https:\/\/api.w.org\/{rel}","templated":true}]}}